{"id":5942,"date":"2023-07-13T10:34:55","date_gmt":"2023-07-13T08:34:55","guid":{"rendered":"https:\/\/www.oliva-ayala.es\/datenschutzerklaerung\/"},"modified":"2024-01-15T15:25:46","modified_gmt":"2024-01-15T14:25:46","slug":"datenschutzerklaerung","status":"publish","type":"page","link":"https:\/\/www.oliva-ayala.es\/de\/datenschutzerklaerung\/","title":{"rendered":"Datenschutzerkl\u00e4rung"},"content":{"rendered":"\t\t<div data-elementor-type=\"wp-page\" data-elementor-id=\"5942\" class=\"elementor elementor-5942 elementor-787\" data-elementor-post-type=\"page\">\n\t\t\t\t\t\t<section class=\"elementor-section elementor-top-section elementor-element elementor-element-15c31488 elementor-section-boxed elementor-section-height-default elementor-section-height-default\" data-id=\"15c31488\" data-element_type=\"section\">\n\t\t\t\t\t\t<div class=\"elementor-container elementor-column-gap-default\">\n\t\t\t\t\t<div class=\"elementor-column elementor-col-100 elementor-top-column elementor-element elementor-element-74905953\" data-id=\"74905953\" data-element_type=\"column\">\n\t\t\t<div class=\"elementor-widget-wrap elementor-element-populated\">\n\t\t\t\t\t\t<div class=\"elementor-element elementor-element-9d19a95 elementor-widget elementor-widget-heading\" data-id=\"9d19a95\" data-element_type=\"widget\" data-widget_type=\"heading.default\">\n\t\t\t\t<div class=\"elementor-widget-container\">\n\t\t\t<style>\/*! elementor - v3.23.0 - 05-08-2024 *\/\n.elementor-heading-title{padding:0;margin:0;line-height:1}.elementor-widget-heading .elementor-heading-title[class*=elementor-size-]>a{color:inherit;font-size:inherit;line-height:inherit}.elementor-widget-heading .elementor-heading-title.elementor-size-small{font-size:15px}.elementor-widget-heading .elementor-heading-title.elementor-size-medium{font-size:19px}.elementor-widget-heading .elementor-heading-title.elementor-size-large{font-size:29px}.elementor-widget-heading .elementor-heading-title.elementor-size-xl{font-size:39px}.elementor-widget-heading .elementor-heading-title.elementor-size-xxl{font-size:59px}<\/style><h1 class=\"elementor-heading-title elementor-size-default\">Datenschutzerkl\u00e4rung<\/h1>\t\t<\/div>\n\t\t\t\t<\/div>\n\t\t\t\t<div class=\"elementor-element elementor-element-67effc4 elementor-widget-divider--view-line elementor-widget elementor-widget-divider\" data-id=\"67effc4\" data-element_type=\"widget\" data-widget_type=\"divider.default\">\n\t\t\t\t<div class=\"elementor-widget-container\">\n\t\t\t<style>\/*! elementor - v3.23.0 - 05-08-2024 *\/\n.elementor-widget-divider{--divider-border-style:none;--divider-border-width:1px;--divider-color:#0c0d0e;--divider-icon-size:20px;--divider-element-spacing:10px;--divider-pattern-height:24px;--divider-pattern-size:20px;--divider-pattern-url:none;--divider-pattern-repeat:repeat-x}.elementor-widget-divider .elementor-divider{display:flex}.elementor-widget-divider .elementor-divider__text{font-size:15px;line-height:1;max-width:95%}.elementor-widget-divider .elementor-divider__element{margin:0 var(--divider-element-spacing);flex-shrink:0}.elementor-widget-divider .elementor-icon{font-size:var(--divider-icon-size)}.elementor-widget-divider .elementor-divider-separator{display:flex;margin:0;direction:ltr}.elementor-widget-divider--view-line_icon .elementor-divider-separator,.elementor-widget-divider--view-line_text .elementor-divider-separator{align-items:center}.elementor-widget-divider--view-line_icon .elementor-divider-separator:after,.elementor-widget-divider--view-line_icon .elementor-divider-separator:before,.elementor-widget-divider--view-line_text .elementor-divider-separator:after,.elementor-widget-divider--view-line_text .elementor-divider-separator:before{display:block;content:\"\";border-block-end:0;flex-grow:1;border-block-start:var(--divider-border-width) var(--divider-border-style) var(--divider-color)}.elementor-widget-divider--element-align-left .elementor-divider .elementor-divider-separator>.elementor-divider__svg:first-of-type{flex-grow:0;flex-shrink:100}.elementor-widget-divider--element-align-left .elementor-divider-separator:before{content:none}.elementor-widget-divider--element-align-left .elementor-divider__element{margin-left:0}.elementor-widget-divider--element-align-right .elementor-divider .elementor-divider-separator>.elementor-divider__svg:last-of-type{flex-grow:0;flex-shrink:100}.elementor-widget-divider--element-align-right .elementor-divider-separator:after{content:none}.elementor-widget-divider--element-align-right .elementor-divider__element{margin-right:0}.elementor-widget-divider--element-align-start .elementor-divider .elementor-divider-separator>.elementor-divider__svg:first-of-type{flex-grow:0;flex-shrink:100}.elementor-widget-divider--element-align-start .elementor-divider-separator:before{content:none}.elementor-widget-divider--element-align-start .elementor-divider__element{margin-inline-start:0}.elementor-widget-divider--element-align-end .elementor-divider .elementor-divider-separator>.elementor-divider__svg:last-of-type{flex-grow:0;flex-shrink:100}.elementor-widget-divider--element-align-end .elementor-divider-separator:after{content:none}.elementor-widget-divider--element-align-end .elementor-divider__element{margin-inline-end:0}.elementor-widget-divider:not(.elementor-widget-divider--view-line_text):not(.elementor-widget-divider--view-line_icon) .elementor-divider-separator{border-block-start:var(--divider-border-width) var(--divider-border-style) var(--divider-color)}.elementor-widget-divider--separator-type-pattern{--divider-border-style:none}.elementor-widget-divider--separator-type-pattern.elementor-widget-divider--view-line .elementor-divider-separator,.elementor-widget-divider--separator-type-pattern:not(.elementor-widget-divider--view-line) .elementor-divider-separator:after,.elementor-widget-divider--separator-type-pattern:not(.elementor-widget-divider--view-line) .elementor-divider-separator:before,.elementor-widget-divider--separator-type-pattern:not([class*=elementor-widget-divider--view]) .elementor-divider-separator{width:100%;min-height:var(--divider-pattern-height);-webkit-mask-size:var(--divider-pattern-size) 100%;mask-size:var(--divider-pattern-size) 100%;-webkit-mask-repeat:var(--divider-pattern-repeat);mask-repeat:var(--divider-pattern-repeat);background-color:var(--divider-color);-webkit-mask-image:var(--divider-pattern-url);mask-image:var(--divider-pattern-url)}.elementor-widget-divider--no-spacing{--divider-pattern-size:auto}.elementor-widget-divider--bg-round{--divider-pattern-repeat:round}.rtl .elementor-widget-divider .elementor-divider__text{direction:rtl}.e-con-inner>.elementor-widget-divider,.e-con>.elementor-widget-divider{width:var(--container-widget-width,100%);--flex-grow:var(--container-widget-flex-grow)}<\/style>\t\t<div class=\"elementor-divider\">\n\t\t\t<span class=\"elementor-divider-separator\">\n\t\t\t\t\t\t<\/span>\n\t\t<\/div>\n\t\t\t\t<\/div>\n\t\t\t\t<\/div>\n\t\t\t\t<div class=\"elementor-element elementor-element-45b2c5a elementor-widget elementor-widget-text-editor\" data-id=\"45b2c5a\" data-element_type=\"widget\" data-widget_type=\"text-editor.default\">\n\t\t\t\t<div class=\"elementor-widget-container\">\n\t\t\t<style>\/*! elementor - v3.23.0 - 05-08-2024 *\/\n.elementor-widget-text-editor.elementor-drop-cap-view-stacked .elementor-drop-cap{background-color:#69727d;color:#fff}.elementor-widget-text-editor.elementor-drop-cap-view-framed .elementor-drop-cap{color:#69727d;border:3px solid;background-color:transparent}.elementor-widget-text-editor:not(.elementor-drop-cap-view-default) .elementor-drop-cap{margin-top:8px}.elementor-widget-text-editor:not(.elementor-drop-cap-view-default) .elementor-drop-cap-letter{width:1em;height:1em}.elementor-widget-text-editor .elementor-drop-cap{float:left;text-align:center;line-height:1;font-size:50px}.elementor-widget-text-editor .elementor-drop-cap-letter{display:inline-block}<\/style>\t\t\t\t<p>Mit dieser Datenschutzerkl\u00e4rung m\u00f6chten wir Sie ausf\u00fchrlich dar\u00fcber informieren, wie wir mit Ihren personenbezogenen Daten umgehen und wie wir Ihre Privatsph\u00e4re und die Informationen, die Sie uns zur Verf\u00fcgung stellen, sch\u00fctzen.<\/p><p>Sollten wir in Zukunft \u00c4nderungen an dieser Datenschutzerkl\u00e4rung vornehmen, werden wir Sie auf dieser Website oder auf andere Weise dar\u00fcber informieren, damit Sie die dann geltenden neuen Datenschutzbedingungen kennen.<\/p><p>Im Folgenden informieren wir Sie in Form von Fragen und Antworten \u00fcber die Bedingungen, unter denen unser Unternehmen Ihre personenbezogenen Daten verarbeitet.<\/p><p><strong>Wer ist der Verantwortliche f\u00fcr die Verarbeitung Ihrer personenbezogenen Daten?<\/strong><\/p><ul><li>Identit\u00e4t: OLIVA-AYALA ABOGADOS, S.L.P. St.-IdNr.: B-85340388<\/li><li>Postanschrift: C\/ Miguel \u00c1ngel, 14 \u2013 3\u00ba, 28010 \u2013 Madrid.<\/li><li>Tel.: 913911290.<\/li><li>E-Mail: <a href=\"mailto:abogados@oliva-ayala.com\"><span style=\"color: #ae171b;\">abogados@oliva-ayala.com<\/span><\/a>.<\/li><\/ul><div>\u00a0<\/div><p>\u00a0<\/p><p><strong>Wer ist der Datenschutzbeauftragte (DSB) des Unternehmens und wie kann er\/sie Ihnen helfen? <\/strong><\/p><p>Der DPD ist eine gesetzlich vorgesehene Stelle, deren Hauptaufgabe darin besteht, unser Unternehmen \u00fcber seine Pflichten zum Schutz personenbezogener Daten zu informieren und zu beraten sowie die Einhaltung dieser Pflichten zu \u00fcberwachen.<\/p><p>Dar\u00fcber hinaus fungiert DPD als Ansprechpartner f\u00fcr alle Fragen im Zusammenhang mit der Verarbeitung personenbezogener Daten. Wenn Sie also Fragen, Zweifel oder Anregungen zur Verwendung Ihrer personenbezogenen Daten haben, k\u00f6nnen Sie sich an ihn wenden:<\/p><ul><li>DPD Kontakt E-Mail: <span style=\"color: #ae171b;\"><a style=\"color: #ae171b;\" href=\"mailto:j.gonzalez@oliva-ayala.com\">j.gonzalez@oliva-ayala.com<\/a><\/span><\/li><\/ul><div>\u00a0<\/div><p><strong>Zu welchem Zweck verarbeiten wir Ihre personenbezogenen Daten? <\/strong><\/p><p>Wir verarbeiten die von Ihnen zur Verf\u00fcgung gestellten personenbezogenen Daten zu folgenden Zwecken:<\/p><ol><li>Verwaltung der Kundenbeziehung sowie Rechnungsstellung und Inkasso der Leistungen. Die Bereitstellung von Daten zu diesem Zweck durch unsere Kunden ist obligatorisch, da andernfalls eine Vertragserf\u00fcllung nicht m\u00f6glich ist.<\/li><li>Die Verwaltung der Beziehungen zu unseren Lieferanten sowie die Rechnungsstellung und Bezahlung der Leistungen. Zu diesem Zweck ist es obligatorisch, dass der Lieferant uns seine Daten zur Verf\u00fcgung stellt, andernfalls kann der Vertrag nicht erf\u00fcllt werden.<\/li><li>Um Ihre Informationsanfragen, Vorschl\u00e4ge und Beschwerden, die Sie uns senden, zu kanalisieren, um mit dem Absender der Information in Kontakt zu treten, um auf Ihre Anfrage oder Ihr Anliegen zu antworten und um eine Nachverfolgung zu erm\u00f6glichen. Die Bereitstellung der Daten f\u00fcr diese Zwecke ist freiwillig, aber wenn Sie es nicht tun, k\u00f6nnen wir nicht auf Ihre Anfrage, Frage oder Beschwerde reagieren. Daher ist die \u00dcbermittlung Ihrer personenbezogenen Daten f\u00fcr diese Zwecke eine notwendige Voraussetzung daf\u00fcr, dass wir diese Anfragen bearbeiten k\u00f6nnen.<\/li><li>F\u00fcr den Fall, dass Sie Friend oder Follower von uns in sozialen Netzwerken werden, verarbeiten wir Ihre Daten, um Sie \u00fcber diese Kan\u00e4le \u00fcber unsere Aktivit\u00e4ten und Aktionen zu informieren. Die Angabe von Daten zu diesem Zweck ist freiwillig. Wenn Sie diese nicht angeben, k\u00f6nnen Sie jedoch nicht unser Friend oder Follower in dem jeweiligen sozialen Netzwerk werden. Bei den zu diesem Zweck verarbeiteten Datenkategorien handelt es sich um Daten zur Identifizierung.<\/li><\/ol><p>\u00a0<\/p><p><strong>Wie lange speichern wir Ihre Daten? <\/strong><\/p><p>Wir bewahren Ihre Daten nur so lange auf, wie es f\u00fcr die Erreichung des Zwecks, zu dem sie erhoben wurden, erforderlich ist, um unseren gesetzlichen Verpflichtungen nachzukommen oder um eventuellen Verpflichtungen zu entsprechen, die sich aus der Erf\u00fcllung des Zwecks ergeben, zu dem die Daten erhoben wurden.<\/p><p>Zu diesem Zweck werden die Daten, die f\u00fcr die Verwaltung der Kunden- und Lieferantenbeziehungen sowie f\u00fcr die Rechnungsstellung und das Inkasso der Leistungen erforderlich sind, f\u00fcr die Dauer des Vertragsverh\u00e4ltnisses aufbewahrt. Nach Beendigung dieser Beziehung k\u00f6nnen die Daten gegebenenfalls so lange aufbewahrt werden, wie es das geltende Recht vorschreibt und bis etwaige Verpflichtungen aus dem Vertrag erloschen sind.<\/p><p>Daten von Interessenten, die keinen Vertrag \u00fcber unsere Produkte oder Dienstleistungen abschlie\u00dfen und keine weiteren Werbeinformationen w\u00fcnschen, werden gel\u00f6scht, wenn feststeht, dass kein Vertrag zustande kommt. F\u00fcr den Fall, dass die fr\u00fchere Beziehung zwischen den Parteien, auch wenn sie noch nicht abgeschlossen ist, zu m\u00f6glichen Verbindlichkeiten f\u00fchren k\u00f6nnte, werden die Daten bis zum Ablauf der Verj\u00e4hrungsfrist aufbewahrt.<\/p><p>Die Daten, die zur Bearbeitung von Antr\u00e4gen, Anfragen, Antr\u00e4gen oder Beschwerden verarbeitet werden, werden so lange aufbewahrt, wie es f\u00fcr ihre Beantwortung und ihre endg\u00fcltige Erledigung erforderlich ist. Danach werden sie als Kommunikationshistorie f\u00fcr einen Zeitraum von einem Jahr aufbewahrt, es sei denn, Sie beantragen vorher ihre L\u00f6schung.<\/p><p>Daten, die Sie uns \u00fcber soziale Netzwerke zur Verf\u00fcgung stellen, werden so lange gespeichert, wie Sie ein Friend oder Follower von uns auf der jeweiligen Plattform bleiben.<\/p><p><strong>Was ist die Rechtsgrundlage f\u00fcr die Verarbeitung Ihrer Daten? <\/strong><\/p><p>Rechtsgrundlage f\u00fcr die Verarbeitung von Kunden- und Lieferantendaten ist die Erf\u00fcllung des Dienstleistungsvertrages.<\/p><p>Die Verarbeitung personenbezogener Daten zur Beantwortung Ihrer Informationsw\u00fcnsche, Anfragen, Antr\u00e4ge und Beschwerden beruht auf der Einwilligung der betroffenen Person. Diese Einwilligung kann jederzeit widerrufen werden, ohne dass dadurch die Rechtm\u00e4\u00dfigkeit einer bereits erfolgten Verarbeitung ber\u00fchrt wird.<\/p><p>Daten, die \u00fcber soziale Netzwerke bereitgestellt werden, werden auf der Rechtsgrundlage Ihrer Einwilligung verarbeitet, die jederzeit widerrufen werden kann, ohne dass dadurch die Rechtm\u00e4\u00dfigkeit der zuvor erfolgten Verarbeitung ber\u00fchrt wird.<\/p><p>Die verarbeiteten Datenkategorien sind diejenigen, die jeweils in dem Formular oder Vertrag, mit dem Sie uns Ihre Daten zur Verf\u00fcgung stellen, abgefragt werden.<\/p><p><strong>An welche Adressaten werden Ihre Daten \u00fcbermittelt? <\/strong><\/p><p>Die Daten werden folgenden Stellen mitgeteilt:<\/p><ol><li>Die zust\u00e4ndigen \u00f6ffentlichen Verwaltungen oder Gerichte in den vom Gesetz vorgesehenen F\u00e4llen und f\u00fcr die vom Gesetz vorgesehenen Zwecke.<\/li><li>Finanzinstitute, die mit dem Inkasso und der Zahlung beauftragt sind.<\/li><\/ol><p>Zwar handelt es sich hierbei nicht um eine Daten\u00fcbermittlung, jedoch k\u00f6nnen Dritte, die als unsere Dienstleister fungieren, auf Ihre Daten zugreifen, um die Dienstleistung zu erbringen. Diese Dritten greifen nach unseren Anweisungen auf Ihre Daten zu, ohne sie f\u00fcr andere Zwecke verwenden zu k\u00f6nnen, unter strikter Wahrung der Vertraulichkeit und auf der Grundlage eines Vertrags, in dem sie sich verpflichten, die Anforderungen der geltenden Rechtsvorschriften zum Schutz personenbezogener Daten einzuhalten.<\/p><p><strong>Welche Rechte haben Sie, wenn Sie uns Ihre Daten zur Verf\u00fcgung stellen? <\/strong><\/p><p>Jede Person hat das Recht, eine Best\u00e4tigung zu erhalten, ob wir sie betreffende personenbezogene Daten verarbeiten oder nicht. Die betroffenen Personen haben das Recht, auf ihre personenbezogenen Daten zuzugreifen und die Berichtigung der unzutreffenden Daten oder gegebenenfalls ihre L\u00f6schung zu beantragen, unter anderem, wenn die Daten nicht mehr f\u00fcr die Zwecke ben\u00f6tigt werden, f\u00fcr die sie erhoben wurden.<\/p><p>Unter den in der Datenschutz-Grundverordnung vorgesehenen Bedingungen k\u00f6nnen die betroffenen Personen die Einschr\u00e4nkung der Verarbeitung ihrer Daten oder deren \u00dcbertragbarkeit beantragen. In diesem Fall werden wir die Daten nur zur Geltendmachung oder Abwehr von Anspr\u00fcchen aufbewahren.<\/p><p>Unter bestimmten Umst\u00e4nden und aus Gr\u00fcnden, die mit ihrer besonderen Situation zusammenh\u00e4ngen, k\u00f6nnen die Betroffenen der Verarbeitung ihrer Daten widersprechen. Wenn Sie eine Einwilligung f\u00fcr einen bestimmten Zweck erteilt haben, haben Sie das Recht, diese Einwilligung jederzeit zu widerrufen, ohne dass die Rechtm\u00e4\u00dfigkeit der aufgrund der Einwilligung vor deren Widerruf erfolgten Verarbeitung ber\u00fchrt wird. In diesem Fall stellen wir die Verarbeitung der Daten ein, oder wir stellen gegebenenfalls die Verarbeitung der Daten f\u00fcr diesen speziellen Zweck ein, es sei denn, es liegen zwingende berechtigte Gr\u00fcnde vor oder es geht um die Geltendmachung oder Abwehr von Anspr\u00fcchen.<\/p><p>Dar\u00fcber hinaus gibt Ihnen das Datenschutzrecht gegebenenfalls das Recht, gegen Entscheidungen Widerspruch einzulegen, die ausschlie\u00dflich auf einer automatisierten Verarbeitung Ihrer Daten beruhen.<\/p><p>Diese Rechte haben folgende Merkmale:<\/p><ul><li>Sie sind kostenlos, es sei denn, es handelt sich um offensichtlich unbegr\u00fcndete oder exzessive Anfragen (z. B. wiederholter Art). In diesem Fall kann eine Geb\u00fchr erhoben werden, die im Verh\u00e4ltnis zu den entstandenen Verwaltungskosten oder der Ablehnung steht.<\/li><li>Sie k\u00f6nnen Ihre Rechte direkt oder \u00fcber Ihren gesetzlichen oder gewillk\u00fcrten Vertreter wahrnehmen.<\/li><li>Ihr Antrag muss innerhalb eines Monats beantwortet werden, wobei diese Frist je nach Komplexit\u00e4t und Anzahl der Antr\u00e4ge um zwei Monate verl\u00e4ngert werden kann.<\/li><li>Wir sind verpflichtet, Sie \u00fcber die Mittel zur Aus\u00fcbung dieser Rechte zu informieren, die zug\u00e4nglich sein m\u00fcssen, ohne dass wir Ihnen die Aus\u00fcbung des Rechts allein deshalb verweigern d\u00fcrfen, weil Sie ein anderes Mittel gew\u00e4hlt haben. Wird der Antrag auf elektronischem Wege gestellt, so werden die Informationen, soweit m\u00f6glich, auf elektronischem Wege bereitgestellt, es sei denn, Sie bitten uns um etwas anderes.<\/li><li>Wird dem Antrag aus irgendwelchen Gr\u00fcnden nicht stattgegeben, so teilen wir Ihnen sp\u00e4testens innerhalb eines Monats die Gr\u00fcnde hierf\u00fcr mit und weisen Sie auf die M\u00f6glichkeit hin, bei einer Aufsichtsbeh\u00f6rde Beschwerde einzulegen.<\/li><\/ul><p>\u00a0<\/p><p>Um Ihnen die Aus\u00fcbung dieser Rechte zu erleichtern, finden Sie nachstehend Links zu den Antragsformularen f\u00fcr jedes dieser Rechte:<\/p><ul><li><span style=\"color: #ae171b;\"><a style=\"color: #ae171b;\" href=\"https:\/\/www.aepd.es\/media\/formularios\/formulario-derecho-de-acceso.pdf\">Formular f\u00fcr die Aus\u00fcbung des Auskunftsrechts<\/a><\/span><\/li><li><span style=\"color: #ae171b;\"><a style=\"color: #ae171b;\" href=\"https:\/\/www.aepd.es\/media\/formularios\/formulario-derecho-de-rectificacion.pdf\">Formular f\u00fcr die Aus\u00fcbung des Berichtigungsrechts<\/a><\/span><\/li><li><span style=\"color: #ae171b;\"><a style=\"color: #ae171b;\" href=\"https:\/\/www.aepd.es\/media\/formularios\/formulario-derecho-de-oposicion.pdf\">Formular f\u00fcr die Aus\u00fcbung des Widerspruchsrechts<\/a><\/span><\/li><li><span style=\"color: #ae171b;\"><a style=\"color: #ae171b;\" href=\"https:\/\/www.aepd.es\/media\/formularios\/formulario-derecho-de-supresion.pdf\">Formular zur Aus\u00fcbung des Rechts auf L\u00f6schung (\u201eRecht auf Vergessenwerden\u201c)<\/a><\/span><\/li><li><span style=\"color: #ae171b;\"><a style=\"color: #ae171b;\" href=\"https:\/\/www.aepd.es\/media\/formularios\/formulario-derecho-de-limitacion.pdf\">Formular f\u00fcr die Aus\u00fcbung des Rechts auf Einschr\u00e4nkung der Verarbeitung<\/a><\/span><\/li><li><span style=\"color: #ae171b;\"><a style=\"color: #ae171b;\" href=\"https:\/\/www.aepd.es\/media\/formularios\/formulario-derecho-de-portabilidad.pdf\">Formular f\u00fcr die Aus\u00fcbung des Rechts auf \u00dcbertragbarkeit<\/a><\/span><\/li><li><span style=\"color: #ae171b;\"><a style=\"color: #ae171b;\" href=\"https:\/\/www.aepd.es\/media\/formularios\/formulario-derecho-de-oposicion-decisiones-automatizadas.pdf\">Formblatt f\u00fcr die Aus\u00fcbung des Rechts, nicht Gegenstand einer automatisierten Einzelentscheidung zu sein<\/a><\/span><\/li><\/ul><div>\u00a0<\/div><p>Alle oben genannten Rechte k\u00f6nnen \u00fcber die zu Beginn dieses Abschnittes angegebenen Kontaktm\u00f6glichkeiten ausge\u00fcbt werden.<\/p><p>In jedem Fall m\u00fcssen Sie Ihre Identit\u00e4t nachweisen, indem Sie eine Fotokopie oder eine gescannte Kopie Ihres Personalausweises oder eines gleichwertigen Dokuments beif\u00fcgen, oder ein Dokument, das Ihre Vertretung nachweist, wenn das Recht durch einen Vertreter ausge\u00fcbt wird.<\/p><p>Sollten Ihre Rechte verletzt worden sein, insbesondere wenn Sie bei der Aus\u00fcbung Ihrer Rechte nicht zufrieden gestellt worden sind, k\u00f6nnen Sie eine Beschwerde bei der spanischen Datenschutzbeh\u00f6rde (Kontaktdaten unter www.aepd.es) oder einer anderen zust\u00e4ndigen Aufsichtsbeh\u00f6rde einreichen. Sie k\u00f6nnen sich auch an diese Stellen wenden, um mehr \u00fcber Ihre Rechte zu erfahren.<\/p><p><strong>Wie sch\u00fctzen wir Ihre personenbezogenen Daten?<\/strong><\/p><p>Wir haben uns vorgenommen, die von uns verarbeiteten personenbezogenen Daten zu sch\u00fctzen. Wir setzen angemessene, zuverl\u00e4ssige und wirksame physische, organisatorische und technische Ma\u00dfnahmen, Kontrollen und Verfahren ein, um die Integrit\u00e4t und Sicherheit Ihrer Daten zu wahren und Ihre Privatsph\u00e4re zu sch\u00fctzen.<\/p><p>Dar\u00fcber hinaus wurden alle Mitarbeiterinnen und Mitarbeiter, die Zugang zu personenbezogenen Daten haben, geschult und sind sich ihrer Pflichten im Zusammenhang mit der Verarbeitung Ihrer personenbezogenen Daten bewusst.<\/p><p>In die Vertr\u00e4ge, die wir mit unseren Lieferanten abschlie\u00dfen, nehmen wir Klauseln auf, die diese verpflichten, die personenbezogenen Daten, zu denen sie im Rahmen des Auftrags Zugang erhalten, vertraulich zu behandeln und die erforderlichen technischen und organisatorischen Sicherheitsma\u00dfnahmen zu treffen, um die dauerhafte Vertraulichkeit, Integrit\u00e4t, Verf\u00fcgbarkeit und Belastbarkeit der Systeme und Dienste zur Verarbeitung personenbezogener Daten zu gew\u00e4hrleisten.<\/p><p>Alle diese Sicherheitsma\u00dfnahmen werden regelm\u00e4\u00dfig \u00fcberpr\u00fcft, um ihre Tauglichkeit und Wirksamkeit sicherzustellen.<\/p><p>Absolute Sicherheit kann jedoch nicht garantiert werden, und kein Sicherheitssystem ist unangreifbar. Sollten daher Informationen, die unter unserer Kontrolle stehen und verarbeitet werden, durch eine Sicherheitsverletzung gef\u00e4hrdet sein, werden wir angemessene Ma\u00dfnahmen ergreifen, um den Vorfall zu untersuchen und die Aufsichtsbeh\u00f6rde sowie gegebenenfalls die betroffenen Benutzer zu benachrichtigen, damit diese geeignete Ma\u00dfnahmen ergreifen k\u00f6nnen.<\/p><p><strong>Welche Verantwortung haben Sie als betroffene Person? <\/strong><\/p><p>Die Person, die uns personenbezogene Daten zur Verf\u00fcgung stellt, versichert, dass sie \u00fcber 14 Jahre alt ist und dass die von ihr zur Verf\u00fcgung gestellten Daten wahr, genau, vollst\u00e4ndig und aktuell sind.<\/p><p>Zu diesem Zweck ist der Interessent f\u00fcr die Richtigkeit der Daten verantwortlich und muss diese in angemessener Weise auf dem neuesten Stand halten, so dass sie seiner tats\u00e4chlichen Situation entsprechen, und er \u00fcbernimmt die Verantwortung f\u00fcr falsche oder ungenaue Daten, die er uns zur Verf\u00fcgung stellt, sowie f\u00fcr alle direkten oder indirekten Sch\u00e4den, die daraus entstehen k\u00f6nnen.<\/p><p>Wenn Sie uns Daten von Dritten zur Verf\u00fcgung stellen, \u00fcbernehmen Sie die Verantwortung, diese vorher \u00fcber alle Bestimmungen von Artikel 14 der Datenschutz-Grundverordnung unter den dort festgelegten Bedingungen zu informieren.<\/p>\t\t\t\t\t\t<\/div>\n\t\t\t\t<\/div>\n\t\t\t\t\t<\/div>\n\t\t<\/div>\n\t\t\t\t\t<\/div>\n\t\t<\/section>\n\t\t\t\t<\/div>\n\t\t","protected":false},"excerpt":{"rendered":"<p>Datenschutzerkl\u00e4rung Mit dieser Datenschutzerkl\u00e4rung m\u00f6chten wir Sie ausf\u00fchrlich dar\u00fcber informieren, wie wir mit Ihren personenbezogenen Daten umgehen und wie wir Ihre Privatsph\u00e4re und die Informationen, die Sie uns zur Verf\u00fcgung stellen, sch\u00fctzen. Sollten wir in Zukunft \u00c4nderungen an dieser Datenschutzerkl\u00e4rung vornehmen, werden wir Sie auf dieser Website oder auf andere Weise dar\u00fcber informieren, damit Sie [&hellip;]<\/p>\n","protected":false},"author":1,"featured_media":0,"parent":0,"menu_order":0,"comment_status":"closed","ping_status":"closed","template":"","meta":{"footnotes":""},"class_list":["post-5942","page","type-page","status-publish","hentry"],"yoast_head":"<!-- This site is optimized with the Yoast SEO plugin v23.4 - https:\/\/yoast.com\/wordpress\/plugins\/seo\/ -->\n<title>Datenschutzerkl\u00e4rung - Oliva-Ayala Abogados<\/title>\n<meta name=\"robots\" content=\"index, follow, max-snippet:-1, max-image-preview:large, max-video-preview:-1\" \/>\n<link rel=\"canonical\" href=\"https:\/\/www.oliva-ayala.es\/de\/datenschutzerklaerung\/\" \/>\n<meta property=\"og:locale\" content=\"de_DE\" \/>\n<meta property=\"og:type\" content=\"article\" \/>\n<meta property=\"og:title\" content=\"Datenschutzerkl\u00e4rung - Oliva-Ayala Abogados\" \/>\n<meta property=\"og:description\" content=\"Datenschutzerkl\u00e4rung Mit dieser Datenschutzerkl\u00e4rung m\u00f6chten wir Sie ausf\u00fchrlich dar\u00fcber informieren, wie wir mit Ihren personenbezogenen Daten umgehen und wie wir Ihre Privatsph\u00e4re und die Informationen, die Sie uns zur Verf\u00fcgung stellen, sch\u00fctzen. Sollten wir in Zukunft \u00c4nderungen an dieser Datenschutzerkl\u00e4rung vornehmen, werden wir Sie auf dieser Website oder auf andere Weise dar\u00fcber informieren, damit Sie [&hellip;]\" \/>\n<meta property=\"og:url\" content=\"https:\/\/www.oliva-ayala.es\/de\/datenschutzerklaerung\/\" \/>\n<meta property=\"og:site_name\" content=\"Oliva-Ayala Abogados\" \/>\n<meta property=\"article:modified_time\" content=\"2024-01-15T14:25:46+00:00\" \/>\n<meta name=\"twitter:card\" content=\"summary_large_image\" \/>\n<meta name=\"twitter:label1\" content=\"Gesch\u00e4tzte Lesezeit\" \/>\n\t<meta name=\"twitter:data1\" content=\"10\u00a0Minuten\" \/>\n<script type=\"application\/ld+json\" class=\"yoast-schema-graph\">{\"@context\":\"https:\/\/schema.org\",\"@graph\":[{\"@type\":\"WebPage\",\"@id\":\"https:\/\/www.oliva-ayala.es\/de\/datenschutzerklaerung\/\",\"url\":\"https:\/\/www.oliva-ayala.es\/de\/datenschutzerklaerung\/\",\"name\":\"Datenschutzerkl\u00e4rung - Oliva-Ayala Abogados\",\"isPartOf\":{\"@id\":\"https:\/\/www.oliva-ayala.es\/#website\"},\"datePublished\":\"2023-07-13T08:34:55+00:00\",\"dateModified\":\"2024-01-15T14:25:46+00:00\",\"breadcrumb\":{\"@id\":\"https:\/\/www.oliva-ayala.es\/de\/datenschutzerklaerung\/#breadcrumb\"},\"inLanguage\":\"de\",\"potentialAction\":[{\"@type\":\"ReadAction\",\"target\":[\"https:\/\/www.oliva-ayala.es\/de\/datenschutzerklaerung\/\"]}]},{\"@type\":\"BreadcrumbList\",\"@id\":\"https:\/\/www.oliva-ayala.es\/de\/datenschutzerklaerung\/#breadcrumb\",\"itemListElement\":[{\"@type\":\"ListItem\",\"position\":1,\"name\":\"Portada\",\"item\":\"https:\/\/www.oliva-ayala.es\/de\/startseite\/\"},{\"@type\":\"ListItem\",\"position\":2,\"name\":\"Datenschutzerkl\u00e4rung\"}]},{\"@type\":\"WebSite\",\"@id\":\"https:\/\/www.oliva-ayala.es\/#website\",\"url\":\"https:\/\/www.oliva-ayala.es\/\",\"name\":\"Oliva-Ayala Abogados\",\"description\":\"M\u00e1xima especializaci\u00f3n en derecho penal\",\"publisher\":{\"@id\":\"https:\/\/www.oliva-ayala.es\/#organization\"},\"potentialAction\":[{\"@type\":\"SearchAction\",\"target\":{\"@type\":\"EntryPoint\",\"urlTemplate\":\"https:\/\/www.oliva-ayala.es\/?s={search_term_string}\"},\"query-input\":{\"@type\":\"PropertyValueSpecification\",\"valueRequired\":true,\"valueName\":\"search_term_string\"}}],\"inLanguage\":\"de\"},{\"@type\":\"Organization\",\"@id\":\"https:\/\/www.oliva-ayala.es\/#organization\",\"name\":\"Oliva-Ayala Abogados\",\"url\":\"https:\/\/www.oliva-ayala.es\/\",\"logo\":{\"@type\":\"ImageObject\",\"inLanguage\":\"de\",\"@id\":\"https:\/\/www.oliva-ayala.es\/#\/schema\/logo\/image\/\",\"url\":\"https:\/\/www.oliva-ayala.es\/wp-content\/uploads\/2023\/07\/OLIVA-AYALA-logo-menu.png\",\"contentUrl\":\"https:\/\/www.oliva-ayala.es\/wp-content\/uploads\/2023\/07\/OLIVA-AYALA-logo-menu.png\",\"width\":1179,\"height\":401,\"caption\":\"Oliva-Ayala Abogados\"},\"image\":{\"@id\":\"https:\/\/www.oliva-ayala.es\/#\/schema\/logo\/image\/\"}}]}<\/script>\n<!-- \/ Yoast SEO plugin. -->","yoast_head_json":{"title":"Datenschutzerkl\u00e4rung - Oliva-Ayala Abogados","robots":{"index":"index","follow":"follow","max-snippet":"max-snippet:-1","max-image-preview":"max-image-preview:large","max-video-preview":"max-video-preview:-1"},"canonical":"https:\/\/www.oliva-ayala.es\/de\/datenschutzerklaerung\/","og_locale":"de_DE","og_type":"article","og_title":"Datenschutzerkl\u00e4rung - Oliva-Ayala Abogados","og_description":"Datenschutzerkl\u00e4rung Mit dieser Datenschutzerkl\u00e4rung m\u00f6chten wir Sie ausf\u00fchrlich dar\u00fcber informieren, wie wir mit Ihren personenbezogenen Daten umgehen und wie wir Ihre Privatsph\u00e4re und die Informationen, die Sie uns zur Verf\u00fcgung stellen, sch\u00fctzen. Sollten wir in Zukunft \u00c4nderungen an dieser Datenschutzerkl\u00e4rung vornehmen, werden wir Sie auf dieser Website oder auf andere Weise dar\u00fcber informieren, damit Sie [&hellip;]","og_url":"https:\/\/www.oliva-ayala.es\/de\/datenschutzerklaerung\/","og_site_name":"Oliva-Ayala Abogados","article_modified_time":"2024-01-15T14:25:46+00:00","twitter_card":"summary_large_image","twitter_misc":{"Gesch\u00e4tzte Lesezeit":"10\u00a0Minuten"},"schema":{"@context":"https:\/\/schema.org","@graph":[{"@type":"WebPage","@id":"https:\/\/www.oliva-ayala.es\/de\/datenschutzerklaerung\/","url":"https:\/\/www.oliva-ayala.es\/de\/datenschutzerklaerung\/","name":"Datenschutzerkl\u00e4rung - Oliva-Ayala Abogados","isPartOf":{"@id":"https:\/\/www.oliva-ayala.es\/#website"},"datePublished":"2023-07-13T08:34:55+00:00","dateModified":"2024-01-15T14:25:46+00:00","breadcrumb":{"@id":"https:\/\/www.oliva-ayala.es\/de\/datenschutzerklaerung\/#breadcrumb"},"inLanguage":"de","potentialAction":[{"@type":"ReadAction","target":["https:\/\/www.oliva-ayala.es\/de\/datenschutzerklaerung\/"]}]},{"@type":"BreadcrumbList","@id":"https:\/\/www.oliva-ayala.es\/de\/datenschutzerklaerung\/#breadcrumb","itemListElement":[{"@type":"ListItem","position":1,"name":"Portada","item":"https:\/\/www.oliva-ayala.es\/de\/startseite\/"},{"@type":"ListItem","position":2,"name":"Datenschutzerkl\u00e4rung"}]},{"@type":"WebSite","@id":"https:\/\/www.oliva-ayala.es\/#website","url":"https:\/\/www.oliva-ayala.es\/","name":"Oliva-Ayala Abogados","description":"M\u00e1xima especializaci\u00f3n en derecho penal","publisher":{"@id":"https:\/\/www.oliva-ayala.es\/#organization"},"potentialAction":[{"@type":"SearchAction","target":{"@type":"EntryPoint","urlTemplate":"https:\/\/www.oliva-ayala.es\/?s={search_term_string}"},"query-input":{"@type":"PropertyValueSpecification","valueRequired":true,"valueName":"search_term_string"}}],"inLanguage":"de"},{"@type":"Organization","@id":"https:\/\/www.oliva-ayala.es\/#organization","name":"Oliva-Ayala Abogados","url":"https:\/\/www.oliva-ayala.es\/","logo":{"@type":"ImageObject","inLanguage":"de","@id":"https:\/\/www.oliva-ayala.es\/#\/schema\/logo\/image\/","url":"https:\/\/www.oliva-ayala.es\/wp-content\/uploads\/2023\/07\/OLIVA-AYALA-logo-menu.png","contentUrl":"https:\/\/www.oliva-ayala.es\/wp-content\/uploads\/2023\/07\/OLIVA-AYALA-logo-menu.png","width":1179,"height":401,"caption":"Oliva-Ayala Abogados"},"image":{"@id":"https:\/\/www.oliva-ayala.es\/#\/schema\/logo\/image\/"}}]}},"_links":{"self":[{"href":"https:\/\/www.oliva-ayala.es\/de\/wp-json\/wp\/v2\/pages\/5942","targetHints":{"allow":["GET"]}}],"collection":[{"href":"https:\/\/www.oliva-ayala.es\/de\/wp-json\/wp\/v2\/pages"}],"about":[{"href":"https:\/\/www.oliva-ayala.es\/de\/wp-json\/wp\/v2\/types\/page"}],"author":[{"embeddable":true,"href":"https:\/\/www.oliva-ayala.es\/de\/wp-json\/wp\/v2\/users\/1"}],"replies":[{"embeddable":true,"href":"https:\/\/www.oliva-ayala.es\/de\/wp-json\/wp\/v2\/comments?post=5942"}],"version-history":[{"count":10,"href":"https:\/\/www.oliva-ayala.es\/de\/wp-json\/wp\/v2\/pages\/5942\/revisions"}],"predecessor-version":[{"id":5952,"href":"https:\/\/www.oliva-ayala.es\/de\/wp-json\/wp\/v2\/pages\/5942\/revisions\/5952"}],"wp:attachment":[{"href":"https:\/\/www.oliva-ayala.es\/de\/wp-json\/wp\/v2\/media?parent=5942"}],"curies":[{"name":"wp","href":"https:\/\/api.w.org\/{rel}","templated":true}]}}